{"id":149,"date":"2025-05-17T17:22:32","date_gmt":"2025-05-17T14:22:32","guid":{"rendered":"https:\/\/viikko.ylistyslahti.fi\/?page_id=149"},"modified":"2026-04-26T14:57:07","modified_gmt":"2026-04-26T11:57:07","slug":"lauantai-23-8","status":"publish","type":"page","link":"https:\/\/viikko.ylistyslahti.fi\/index.php\/lauantai-23-8\/","title":{"rendered":"Lauantai 22.8. klo 18.30"},"content":{"rendered":"\n<div class=\"wp-block-columns is-layout-flex wp-container-core-columns-is-layout-28f84493 wp-block-columns-is-layout-flex\">\n<div class=\"wp-block-column is-layout-flow wp-block-column-is-layout-flow\" style=\"flex-basis:33.33%\">\n<figure class=\"wp-block-image size-full is-resized\"><img loading=\"lazy\" decoding=\"async\" width=\"242\" height=\"230\" src=\"https:\/\/viikko.ylistyslahti.fi\/wp-content\/uploads\/2025\/05\/YMPY3.png\" alt=\"\" class=\"wp-image-159\" style=\"width:125px;height:auto\"\/><\/figure>\n<\/div>\n\n\n\n<div class=\"wp-block-column is-vertically-aligned-center is-layout-flow wp-block-column-is-layout-flow\" style=\"flex-basis:66.66%\">\n<ul class=\"wp-block-list\">\n<li>Paikka: Lahden Kristillinen koulu<\/li>\n\n\n\n<li>Osoite: Teinintie 4, Kiveri\u00f6<\/li>\n\n\n\n<li>Ylistyksess\u00e4 mukana mm. Katariina Veltheim<\/li>\n\n\n\n<li>Illassa tilaa liikkeelle ja kuvalliselle ilmaisulle<\/li>\n<\/ul>\n<\/div>\n\n\n\n<div class=\"wp-block-column is-layout-flow wp-block-column-is-layout-flow\"><\/div>\n<\/div>\n\n\n\n<div style=\"height:44px\" aria-hidden=\"true\" class=\"wp-block-spacer\"><\/div>\n\n\n\n<figure class=\"wp-block-image size-full\"><img loading=\"lazy\" decoding=\"async\" width=\"1024\" height=\"869\" src=\"https:\/\/viikko.ylistyslahti.fi\/wp-content\/uploads\/2025\/04\/Designer-4.jpeg\" alt=\"\" class=\"wp-image-47\" srcset=\"https:\/\/viikko.ylistyslahti.fi\/wp-content\/uploads\/2025\/04\/Designer-4.jpeg 1024w, https:\/\/viikko.ylistyslahti.fi\/wp-content\/uploads\/2025\/04\/Designer-4-300x255.jpeg 300w, https:\/\/viikko.ylistyslahti.fi\/wp-content\/uploads\/2025\/04\/Designer-4-768x652.jpeg 768w\" sizes=\"auto, (max-width: 1024px) 100vw, 1024px\" \/><\/figure>\n\n\n\n<div style=\"height:19px\" aria-hidden=\"true\" class=\"wp-block-spacer\"><\/div>\n\n\n\n<div class=\"wp-block-group is-nowrap is-layout-flex wp-container-core-group-is-layout-6c531013 wp-block-group-is-layout-flex\">\n<figure class=\"wp-block-image alignleft size-full is-resized\"><img loading=\"lazy\" decoding=\"async\" width=\"1024\" height=\"1024\" src=\"https:\/\/viikko.ylistyslahti.fi\/wp-content\/uploads\/2025\/05\/Designer-12.jpeg\" alt=\"\" class=\"wp-image-195\" style=\"width:157px;height:auto\" srcset=\"https:\/\/viikko.ylistyslahti.fi\/wp-content\/uploads\/2025\/05\/Designer-12.jpeg 1024w, https:\/\/viikko.ylistyslahti.fi\/wp-content\/uploads\/2025\/05\/Designer-12-300x300.jpeg 300w, https:\/\/viikko.ylistyslahti.fi\/wp-content\/uploads\/2025\/05\/Designer-12-150x150.jpeg 150w, https:\/\/viikko.ylistyslahti.fi\/wp-content\/uploads\/2025\/05\/Designer-12-768x768.jpeg 768w\" sizes=\"auto, (max-width: 1024px) 100vw, 1024px\" \/><\/figure>\n\n\n\n<blockquote class=\"wp-block-quote is-layout-flow wp-block-quote-is-layout-flow\">\n<p>&#8221;Veisaten, karkeloiden sanotaan: &#8221;Kaikki minun l\u00e4hteeni ovat sinussa&#8221; (Ps 87:7)<\/p>\n<\/blockquote>\n<\/div>\n\n\n\n<div style=\"height:39px\" aria-hidden=\"true\" class=\"wp-block-spacer\"><\/div>\n\n\n\n<figure class=\"wp-block-image size-full\"><img loading=\"lazy\" decoding=\"async\" width=\"786\" height=\"522\" src=\"https:\/\/viikko.ylistyslahti.fi\/wp-content\/uploads\/2025\/05\/Ylistysviikko_2.png\" alt=\"\" class=\"wp-image-92\" srcset=\"https:\/\/viikko.ylistyslahti.fi\/wp-content\/uploads\/2025\/05\/Ylistysviikko_2.png 786w, https:\/\/viikko.ylistyslahti.fi\/wp-content\/uploads\/2025\/05\/Ylistysviikko_2-300x199.png 300w, https:\/\/viikko.ylistyslahti.fi\/wp-content\/uploads\/2025\/05\/Ylistysviikko_2-768x510.png 768w\" sizes=\"auto, (max-width: 786px) 100vw, 786px\" \/><\/figure>\n\n\n\n<div style=\"height:71px\" aria-hidden=\"true\" class=\"wp-block-spacer\"><\/div>\n\n\n\n<div class=\"wp-block-group is-nowrap is-layout-flex wp-container-core-group-is-layout-6c531013 wp-block-group-is-layout-flex\">\n<figure class=\"wp-block-image alignleft size-full is-resized\"><img loading=\"lazy\" decoding=\"async\" width=\"2560\" height=\"1920\" src=\"https:\/\/viikko.ylistyslahti.fi\/wp-content\/uploads\/2025\/06\/20250526_184938-scaled.jpg\" alt=\"\" class=\"wp-image-275\" style=\"width:157px;height:auto\" srcset=\"https:\/\/viikko.ylistyslahti.fi\/wp-content\/uploads\/2025\/06\/20250526_184938-scaled.jpg 2560w, https:\/\/viikko.ylistyslahti.fi\/wp-content\/uploads\/2025\/06\/20250526_184938-300x225.jpg 300w, https:\/\/viikko.ylistyslahti.fi\/wp-content\/uploads\/2025\/06\/20250526_184938-1024x768.jpg 1024w, https:\/\/viikko.ylistyslahti.fi\/wp-content\/uploads\/2025\/06\/20250526_184938-768x576.jpg 768w, https:\/\/viikko.ylistyslahti.fi\/wp-content\/uploads\/2025\/06\/20250526_184938-1536x1152.jpg 1536w, https:\/\/viikko.ylistyslahti.fi\/wp-content\/uploads\/2025\/06\/20250526_184938-2048x1536.jpg 2048w\" sizes=\"auto, (max-width: 2560px) 100vw, 2560px\" \/><\/figure>\n\n\n\n<div class=\"wp-block-group is-nowrap is-layout-flex wp-container-core-group-is-layout-6c531013 wp-block-group-is-layout-flex\">\n<details class=\"wp-block-details is-layout-flow wp-block-details-is-layout-flow\"><summary>t\u00e4h\u00e4n tulossa ajatuksia ylistyksest\u00e4 ja tulevasta illasta &#8230;<\/summary>\n<p><\/p>\n\n\n\n<p>.<\/p>\n<\/details>\n<\/div>\n<\/div>\n\n\n\n<figure class=\"wp-block-gallery has-nested-images columns-default is-cropped wp-block-gallery-1 is-layout-flex wp-block-gallery-is-layout-flex\">\n<figure class=\"wp-block-image size-large is-style-rounded\"><img loading=\"lazy\" decoding=\"async\" width=\"764\" height=\"1024\" data-id=\"340\" src=\"https:\/\/viikko.ylistyslahti.fi\/wp-content\/uploads\/2025\/06\/Katariina1-764x1024.png\" alt=\"\" class=\"wp-image-340\" srcset=\"https:\/\/viikko.ylistyslahti.fi\/wp-content\/uploads\/2025\/06\/Katariina1-764x1024.png 764w, https:\/\/viikko.ylistyslahti.fi\/wp-content\/uploads\/2025\/06\/Katariina1-224x300.png 224w, https:\/\/viikko.ylistyslahti.fi\/wp-content\/uploads\/2025\/06\/Katariina1-768x1030.png 768w, https:\/\/viikko.ylistyslahti.fi\/wp-content\/uploads\/2025\/06\/Katariina1.png 831w\" sizes=\"auto, (max-width: 764px) 100vw, 764px\" \/><\/figure>\n\n\n\n<figure class=\"wp-block-image size-large is-style-rounded\"><img loading=\"lazy\" decoding=\"async\" width=\"995\" height=\"980\" data-id=\"272\" src=\"https:\/\/viikko.ylistyslahti.fi\/wp-content\/uploads\/2025\/06\/Leila.png\" alt=\"\" class=\"wp-image-272\" srcset=\"https:\/\/viikko.ylistyslahti.fi\/wp-content\/uploads\/2025\/06\/Leila.png 995w, https:\/\/viikko.ylistyslahti.fi\/wp-content\/uploads\/2025\/06\/Leila-300x295.png 300w, https:\/\/viikko.ylistyslahti.fi\/wp-content\/uploads\/2025\/06\/Leila-768x756.png 768w\" sizes=\"auto, (max-width: 995px) 100vw, 995px\" \/><\/figure>\n\n\n\n<figure class=\"wp-block-image size-large\"><img loading=\"lazy\" decoding=\"async\" width=\"1024\" height=\"1024\" data-id=\"173\" src=\"https:\/\/viikko.ylistyslahti.fi\/wp-content\/uploads\/2025\/05\/Lapset1.jpeg\" alt=\"\" class=\"wp-image-173\" srcset=\"https:\/\/viikko.ylistyslahti.fi\/wp-content\/uploads\/2025\/05\/Lapset1.jpeg 1024w, https:\/\/viikko.ylistyslahti.fi\/wp-content\/uploads\/2025\/05\/Lapset1-300x300.jpeg 300w, https:\/\/viikko.ylistyslahti.fi\/wp-content\/uploads\/2025\/05\/Lapset1-150x150.jpeg 150w, https:\/\/viikko.ylistyslahti.fi\/wp-content\/uploads\/2025\/05\/Lapset1-768x768.jpeg 768w\" sizes=\"auto, (max-width: 1024px) 100vw, 1024px\" \/><\/figure>\n<\/figure>\n\n\n\n<p><\/p>\n","protected":false},"excerpt":{"rendered":"<p>&#8221;Veisaten, karkeloiden sanotaan: &#8221;Kaikki minun l\u00e4hteeni ovat sinussa&#8221; (Ps 87:7)<\/p>\n","protected":false},"author":1,"featured_media":0,"parent":0,"menu_order":0,"comment_status":"closed","ping_status":"closed","template":"","meta":{"footnotes":""},"class_list":["post-149","page","type-page","status-publish","hentry"],"_links":{"self":[{"href":"https:\/\/viikko.ylistyslahti.fi\/index.php\/wp-json\/wp\/v2\/pages\/149","targetHints":{"allow":["GET"]}}],"collection":[{"href":"https:\/\/viikko.ylistyslahti.fi\/index.php\/wp-json\/wp\/v2\/pages"}],"about":[{"href":"https:\/\/viikko.ylistyslahti.fi\/index.php\/wp-json\/wp\/v2\/types\/page"}],"author":[{"embeddable":true,"href":"https:\/\/viikko.ylistyslahti.fi\/index.php\/wp-json\/wp\/v2\/users\/1"}],"replies":[{"embeddable":true,"href":"https:\/\/viikko.ylistyslahti.fi\/index.php\/wp-json\/wp\/v2\/comments?post=149"}],"version-history":[{"count":17,"href":"https:\/\/viikko.ylistyslahti.fi\/index.php\/wp-json\/wp\/v2\/pages\/149\/revisions"}],"predecessor-version":[{"id":462,"href":"https:\/\/viikko.ylistyslahti.fi\/index.php\/wp-json\/wp\/v2\/pages\/149\/revisions\/462"}],"wp:attachment":[{"href":"https:\/\/viikko.ylistyslahti.fi\/index.php\/wp-json\/wp\/v2\/media?parent=149"}],"curies":[{"name":"wp","href":"https:\/\/api.w.org\/{rel}","templated":true}]}}