{"id":174,"date":"2025-05-17T17:57:44","date_gmt":"2025-05-17T14:57:44","guid":{"rendered":"https:\/\/viikko.ylistyslahti.fi\/?page_id=174"},"modified":"2026-04-26T15:49:10","modified_gmt":"2026-04-26T12:49:10","slug":"keskiviikko-27-8-klo-18","status":"publish","type":"page","link":"https:\/\/viikko.ylistyslahti.fi\/index.php\/keskiviikko-27-8-klo-18\/","title":{"rendered":"Keskiviikko 26.8. klo [viel\u00e4 avoin]"},"content":{"rendered":"\n<div class=\"wp-block-columns is-layout-flex wp-container-core-columns-is-layout-28f84493 wp-block-columns-is-layout-flex\">\n<div class=\"wp-block-column is-layout-flow wp-block-column-is-layout-flow\" style=\"flex-basis:33.33%\">\n<figure class=\"wp-block-image size-full is-resized\"><img loading=\"lazy\" decoding=\"async\" width=\"113\" height=\"113\" src=\"https:\/\/viikko.ylistyslahti.fi\/wp-content\/uploads\/2025\/05\/YMPY7.png\" alt=\"\" class=\"wp-image-175\" style=\"width:125px;height:auto\"\/><\/figure>\n<\/div>\n\n\n\n<div class=\"wp-block-column is-vertically-aligned-center is-layout-flow wp-block-column-is-layout-flow\" style=\"flex-basis:66.66%\">\n<ul class=\"wp-block-list\">\n<li>Paikka: Lahden Helluntaiseurakunta<\/li>\n\n\n\n<li>Osoite: Kiveri\u00f6nkatu 1<\/li>\n\n\n\n<li>Ylistysillassa mukana mm. Mikko Mertanen, Laura Tiihonen-Pekkala, <\/li>\n<\/ul>\n<\/div>\n\n\n\n<div class=\"wp-block-column is-layout-flow wp-block-column-is-layout-flow\"><\/div>\n<\/div>\n\n\n\n<div style=\"height:44px\" aria-hidden=\"true\" class=\"wp-block-spacer\"><\/div>\n\n\n\n<figure class=\"wp-block-image size-full\"><img loading=\"lazy\" decoding=\"async\" width=\"913\" height=\"882\" src=\"https:\/\/viikko.ylistyslahti.fi\/wp-content\/uploads\/2025\/04\/Designer-7.jpeg\" alt=\"\" class=\"wp-image-50\" srcset=\"https:\/\/viikko.ylistyslahti.fi\/wp-content\/uploads\/2025\/04\/Designer-7.jpeg 913w, https:\/\/viikko.ylistyslahti.fi\/wp-content\/uploads\/2025\/04\/Designer-7-300x290.jpeg 300w, https:\/\/viikko.ylistyslahti.fi\/wp-content\/uploads\/2025\/04\/Designer-7-768x742.jpeg 768w\" sizes=\"auto, (max-width: 913px) 100vw, 913px\" \/><figcaption class=\"wp-element-caption\">Ylistysjuhla ke 27.8.<\/figcaption><\/figure>\n\n\n\n<div style=\"height:19px\" aria-hidden=\"true\" class=\"wp-block-spacer\"><\/div>\n\n\n\n<div class=\"wp-block-group is-nowrap is-layout-flex wp-container-core-group-is-layout-6c531013 wp-block-group-is-layout-flex\">\n<figure class=\"wp-block-image alignleft size-full is-resized\"><img loading=\"lazy\" decoding=\"async\" width=\"1024\" height=\"1024\" src=\"https:\/\/viikko.ylistyslahti.fi\/wp-content\/uploads\/2025\/05\/Designer-17.jpeg\" alt=\"\" class=\"wp-image-176\" style=\"width:157px;height:auto\" srcset=\"https:\/\/viikko.ylistyslahti.fi\/wp-content\/uploads\/2025\/05\/Designer-17.jpeg 1024w, https:\/\/viikko.ylistyslahti.fi\/wp-content\/uploads\/2025\/05\/Designer-17-300x300.jpeg 300w, https:\/\/viikko.ylistyslahti.fi\/wp-content\/uploads\/2025\/05\/Designer-17-150x150.jpeg 150w, https:\/\/viikko.ylistyslahti.fi\/wp-content\/uploads\/2025\/05\/Designer-17-768x768.jpeg 768w\" sizes=\"auto, (max-width: 1024px) 100vw, 1024px\" \/><\/figure>\n\n\n\n<blockquote class=\"wp-block-quote is-layout-flow wp-block-quote-is-layout-flow\">\n<p>&#8221;Olkoon juhlakokous Herran, sinun Jumalasi, kunniaksi&#8221; (5 Ms 16:8)<\/p>\n<\/blockquote>\n<\/div>\n\n\n\n<div style=\"height:39px\" aria-hidden=\"true\" class=\"wp-block-spacer\"><\/div>\n\n\n\n<figure class=\"wp-block-image size-full\"><img loading=\"lazy\" decoding=\"async\" width=\"786\" height=\"522\" src=\"https:\/\/viikko.ylistyslahti.fi\/wp-content\/uploads\/2025\/05\/Ylistysviikko_2.png\" alt=\"\" class=\"wp-image-92\" srcset=\"https:\/\/viikko.ylistyslahti.fi\/wp-content\/uploads\/2025\/05\/Ylistysviikko_2.png 786w, https:\/\/viikko.ylistyslahti.fi\/wp-content\/uploads\/2025\/05\/Ylistysviikko_2-300x199.png 300w, https:\/\/viikko.ylistyslahti.fi\/wp-content\/uploads\/2025\/05\/Ylistysviikko_2-768x510.png 768w\" sizes=\"auto, (max-width: 786px) 100vw, 786px\" \/><\/figure>\n\n\n\n<div style=\"height:71px\" aria-hidden=\"true\" class=\"wp-block-spacer\"><\/div>\n\n\n\n<div class=\"wp-block-group is-nowrap is-layout-flex wp-container-core-group-is-layout-6c531013 wp-block-group-is-layout-flex\">\n<figure class=\"wp-block-gallery alignleft has-nested-images columns-default is-cropped wp-block-gallery-1 is-layout-flex wp-block-gallery-is-layout-flex\">\n<figure class=\"wp-block-image size-full\"><img loading=\"lazy\" decoding=\"async\" width=\"1097\" height=\"994\" data-id=\"370\" src=\"https:\/\/viikko.ylistyslahti.fi\/wp-content\/uploads\/2025\/06\/Mikko1-1.png\" alt=\"\" class=\"wp-image-370\" srcset=\"https:\/\/viikko.ylistyslahti.fi\/wp-content\/uploads\/2025\/06\/Mikko1-1.png 1097w, https:\/\/viikko.ylistyslahti.fi\/wp-content\/uploads\/2025\/06\/Mikko1-1-300x272.png 300w, https:\/\/viikko.ylistyslahti.fi\/wp-content\/uploads\/2025\/06\/Mikko1-1-1024x928.png 1024w, https:\/\/viikko.ylistyslahti.fi\/wp-content\/uploads\/2025\/06\/Mikko1-1-768x696.png 768w\" sizes=\"auto, (max-width: 1097px) 100vw, 1097px\" \/><\/figure>\n<\/figure>\n\n\n\n<div class=\"wp-block-group is-nowrap is-layout-flex wp-container-core-group-is-layout-6c531013 wp-block-group-is-layout-flex\">\n<details class=\"wp-block-details is-layout-flow wp-block-details-is-layout-flow\"><summary>T\u00e4h\u00e4n tulossa Mikko Mertasen  ajatuksia ylistyksest\u00e4 ja juhlaviikon viimeisest\u00e4 illasta<\/summary>\n<p>Ylistys ei ole vain laulua tai k\u00e4sien nostamista kohti taivasta; meid\u00e4n tulisi ylist\u00e4\u00e4 Jumalaa koko el\u00e4m\u00e4ll\u00e4mme! <\/p>\n\n\n\n<p>Ylistys on kuuliaisuutta Herraa kohtaan ja kiitollisuutta kaikesta siit\u00e4, mit\u00e4 H\u00e4n on meille antanut ja mit\u00e4 H\u00e4n on.<\/p>\n\n\n\n<p>Tervetuloa p\u00e4\u00e4tt\u00e4m\u00e4\u00e4n yhteinen ylistysviikkomme Lahden Helluntaiseurakunnalle! <\/p>\n\n\n\n<p>Etsit\u00e4\u00e4n yhdess\u00e4 rukoillen ja ylist\u00e4en Taivaallisen Is\u00e4mme hyv\u00e4\u00e4 tahtoa kaupungillemme ja sit\u00e4, miten me voimme Jeesuksen seuraajina olla toteuttamassa sit\u00e4.<\/p>\n<\/details>\n<\/div>\n<\/div>\n\n\n\n<p><\/p>\n\n\n\n<p><\/p>\n","protected":false},"excerpt":{"rendered":"<p>&#8221;Olkoon juhlakokous Herran, sinun Jumalasi, kunniaksi&#8221; (5 Ms 16:8)<\/p>\n","protected":false},"author":1,"featured_media":0,"parent":0,"menu_order":0,"comment_status":"closed","ping_status":"closed","template":"","meta":{"footnotes":""},"class_list":["post-174","page","type-page","status-publish","hentry"],"_links":{"self":[{"href":"https:\/\/viikko.ylistyslahti.fi\/index.php\/wp-json\/wp\/v2\/pages\/174","targetHints":{"allow":["GET"]}}],"collection":[{"href":"https:\/\/viikko.ylistyslahti.fi\/index.php\/wp-json\/wp\/v2\/pages"}],"about":[{"href":"https:\/\/viikko.ylistyslahti.fi\/index.php\/wp-json\/wp\/v2\/types\/page"}],"author":[{"embeddable":true,"href":"https:\/\/viikko.ylistyslahti.fi\/index.php\/wp-json\/wp\/v2\/users\/1"}],"replies":[{"embeddable":true,"href":"https:\/\/viikko.ylistyslahti.fi\/index.php\/wp-json\/wp\/v2\/comments?post=174"}],"version-history":[{"count":14,"href":"https:\/\/viikko.ylistyslahti.fi\/index.php\/wp-json\/wp\/v2\/pages\/174\/revisions"}],"predecessor-version":[{"id":486,"href":"https:\/\/viikko.ylistyslahti.fi\/index.php\/wp-json\/wp\/v2\/pages\/174\/revisions\/486"}],"wp:attachment":[{"href":"https:\/\/viikko.ylistyslahti.fi\/index.php\/wp-json\/wp\/v2\/media?parent=174"}],"curies":[{"name":"wp","href":"https:\/\/api.w.org\/{rel}","templated":true}]}}